{"id":210,"date":"2019-06-03T15:20:33","date_gmt":"2019-06-03T13:20:33","guid":{"rendered":"https:\/\/digirab.blogs.ruhr-uni-bochum.de\/?page_id=210"},"modified":"2019-06-03T15:20:33","modified_gmt":"2019-06-03T13:20:33","slug":"datenschutzerklaerung","status":"publish","type":"page","link":"https:\/\/digirab.blogs.ruhr-uni-bochum.de\/?page_id=210","title":{"rendered":"Datenschutzerkl\u00e4rung"},"content":{"rendered":"\n<h2 class=\"wp-block-heading\">Datenschutz<\/h2>\n\n\n\n<p align=\"justify\">Im Folgenden informieren wir \u00fcber die Verarbeitung personenbezogener Daten bei Nutzung der Webseite <em>www.digirab.blogs.ruhr-uni-bochum.de<\/em>.\n Personenbezogene Daten sind alle Daten, die auf Sie pers\u00f6nlich bezogen \nwerden k\u00f6nnen. Auf anderen Seiten der Ruhr-Universit\u00e4t Bochum k\u00f6nnen \nandere Bedingungen gelten.<\/p>\n\n\n\n<h2 class=\"wp-block-heading\">Name und Anschrift des Verantwortlichen<\/h2>\n\n\n\n<p>Die Verantwortliche im Sinne der Datenschutz-Grundverordnung und dem Landesdatenschutzgesetz NRW ist:<\/p>\n\n\n\n<p>Ruhr-Universit\u00e4t Bochum<br>\nUniversit\u00e4tsstr. 150<br>\n44801 Bochum<br>\nDeutschland<\/p>\n\n\n\n<p>Ausf\u00fchrend:<\/p>\n\n\n\n<p>Prof. Dr.-Ing. Markus K\u00f6nig<br>Lehrstuhl f\u00fcr Informatik im Bauwesen<br>Ruhr-Universit\u00e4t Bochum<br>Geb\u00e4ude IC, Ebene 6, Raum 59<br>Universit\u00e4tsstr. 150<br>44780 Bochum<br>Deutschland<\/p>\n\n\n\n<p>E-Mail: iib+office (a) rub.de<br>Tel.: +49 234 32-23047<\/p>\n\n\n\n<h2 class=\"wp-block-heading\">Name und Anschrift des Datenschutzbeauftragten<\/h2>\n\n\n\n<p>Der Datenschutzbeauftragte der Verantwortlichen ist:<\/p>\n\n\n\n<p>Dr. Kai-Uwe Loser<br>Ruhr-Universit\u00e4t Bochum<br>Geb\u00e4ude NB, Ebene 1, Raum 68<br>Universit\u00e4tsstra\u00dfe 150<br>44801 Bochum<br>Deutschland<\/p>\n\n\n\n<p>Tel.: +49 234 32-28720<br>\nE-Mail: dsb (a) ruhr-uni-bochum.de<br>\nWebsite:https:\/\/dsb.ruhr-uni-bochum.de\/<\/p>\n\n\n\n<h2 class=\"wp-block-heading\">Allgemeines zur Datenverarbeitung<\/h2>\n\n\n\n<h3 class=\"wp-block-heading\">Umfang der Verarbeitung personenbezogener Daten<\/h3>\n\n\n\n<p align=\"justify\">Wir verarbeiten personenbezogene Daten unserer Nutzer\n grunds\u00e4tzlich nur, soweit dies zur Bereitstellung einer \nfunktionsf\u00e4higen Website sowie unserer Inhalte und Leistungen \nerforderlich ist. Die Verarbeitung personenbezogener Daten unserer \nNutzer erfolgt regelm\u00e4\u00dfig nur nach Einwilligung des Nutzers. Eine \nAusnahme gilt in solchen F\u00e4llen, in denen eine vorherige Einholung einer\n Einwilligung aus tats\u00e4chlichen Gr\u00fcnden nicht m\u00f6glich ist und die \nVerarbeitung der Daten durch gesetzliche Vorschriften gestattet ist.<\/p>\n\n\n\n<h3 class=\"wp-block-heading\">Rechtsgrundlage f\u00fcr die Verarbeitung personenbezogener Daten<\/h3>\n\n\n\n<p align=\"justify\">Soweit wir f\u00fcr Verarbeitungsvorg\u00e4nge \npersonenbezogener Daten eine Einwilligung der betroffenen Person \neinholen, dient Art. 6 Abs. 1 lit. a EU-Datenschutzgrundverordnung \n(DSGVO) als Rechtsgrundlage. Bei der Verarbeitung von personenbezogenen \nDaten, die zur Erf\u00fcllung eines Vertrages, dessen Vertragspartei die \nbetroffene Person ist, erforderlich ist, dient Art. 6 Abs. 1 lit. b \nDSGVO als Rechtsgrundlage. Dies gilt auch f\u00fcr Verarbeitungsvorg\u00e4nge, die\n zur Durchf\u00fchrung vorvertraglicher Ma\u00dfnahmen erforderlich sind. Soweit \neine Verarbeitung personenbezogener Daten zur Erf\u00fcllung einer \nrechtlichen Verpflichtung erforderlich ist, der unser Unternehmen \nunterliegt, dient Art. 6 Abs. 1 lit. c DSGVO als Rechtsgrundlage. F\u00fcr \nden Fall, dass lebenswichtige Interessen der betroffenen Person oder \neiner anderen nat\u00fcrlichen Person eine Verarbeitung personenbezogener \nDaten erforderlich machen, dient Art. 6 Abs. 1 lit. d DSGVO als \nRechtsgrundlage. Ist die Verarbeitung zur Wahrung eines berechtigten \nInteresses unseres Unternehmens oder eines Dritten erforderlich und \n\u00fcberwiegen die Interessen, Grundrechte und Grundfreiheiten des \nBetroffenen das erstgenannte Interesse nicht, so dient Art. 6 Abs. 1 \nlit. f DSGVO als Rechtsgrundlage f\u00fcr die Verarbeitung.<\/p>\n\n\n\n<h3 class=\"wp-block-heading\">Datenl\u00f6schung und Speicherdauer<\/h3>\n\n\n\n<p align=\"justify\">Die personenbezogenen Daten der betroffenen Person \nwerden gel\u00f6scht oder gesperrt, sobald der Zweck der Speicherung \nentf\u00e4llt. Eine Speicherung kann dar\u00fcber hinaus erfolgen, wenn dies durch\n den europ\u00e4ischen oder nationalen Gesetzgeber in unionsrechtlichen \nVerordnungen, Gesetzen oder sonstigen Vorschriften, denen der \nVerantwortliche unterliegt, vorgesehen wurde. Eine Sperrung oder \nL\u00f6schung der Daten erfolgt auch dann, wenn eine durch die genannten \nNormen vorgeschriebene Speicherfrist abl\u00e4uft, es sei denn, dass eine \nErforderlichkeit zur weiteren Speicherung der Daten f\u00fcr einen \nVertragsabschluss oder eine Vertragserf\u00fcllung besteht.<\/p>\n\n\n\n<h3 class=\"wp-block-heading\">SSL- bzw. TLS-Verschl\u00fcsselung<\/h3>\n\n\n\n<p align=\"justify\">Diese Seite nutzt aus Sicherheitsgr\u00fcnden und zum \nSchutz der \u00dcbertragung vertraulicher Inhalte, wie zum Beispiel \nBestellungen oder Anfragen, die Sie an uns als Seitenbetreiber senden, \neine SSL-bzw. TLS-Verschl\u00fcsselung. Eine verschl\u00fcsselte Verbindung \nerkennen Sie daran, dass die Adresszeile des Browsers von \u201chttp:\/\/\u201d auf \n\u201chttps:\/\/\u201d wechselt und an dem Schloss-Symbol in Ihrer Browserzeile. \nWenn die SSL- bzw. TLS-Verschl\u00fcsselung aktiviert ist, k\u00f6nnen die Daten, \ndie Sie an uns \u00fcbermitteln, nicht von Dritten mitgelesen werden.<\/p>\n\n\n\n<h2 class=\"wp-block-heading\">Bereitstellung der Website<\/h2>\n\n\n\n<h3 class=\"wp-block-heading\">Beschreibung und Umfang der Datenverarbeitung<\/h3>\n\n\n\n<p>Bei jedem Aufruf unserer Internetseite sind f\u00fcr die Bereitstellung \nder Informationen Daten \u00fcber den aufrufenden Rechner erforderlich. \nFolgende Daten werden hierbei verarbeitet:<\/p>\n\n\n\n<p>1. die IP-Adresse des Nutzers (Anonymisiert),<\/p>\n\n\n\n<p>2. Informationen \u00fcber den Browsertyp und die verwendete Version,<\/p>\n\n\n\n<p>3. das Betriebssystem des Nutzers,<\/p>\n\n\n\n<p>4. Datum und Uhrzeit des Zugriffs,<\/p>\n\n\n\n<p>5. Websites, von denen das System des Nutzers auf die Internetseite gelangt.<\/p>\n\n\n\n<p align=\"justify\">Die Daten 2. bis 5. werden zudem in den Logfiles \nunseres Systems gespeichert. Eine Speicherung dieser Daten zusammen mit \nanderen personenbezogenen Daten des Nutzers findet nicht statt. Die \nIP-Adresse des Nutzers wird beim Zugriff auf die Webseite anonymisiert.<\/p>\n\n\n\n<h3 class=\"wp-block-heading\">Rechtsgrundlage f\u00fcr die Datenverarbeitung<\/h3>\n\n\n\n<p>Rechtsgrundlage f\u00fcr die vor\u00fcbergehende Speicherung der Daten und der Logfiles ist Art. 6 Abs. 1 lit. f DSGVO.<\/p>\n\n\n\n<h3 class=\"wp-block-heading\">Zweck der Datenverarbeitung<\/h3>\n\n\n\n<p align=\"justify\">Die vor\u00fcbergehende Speicherung der IP-Adresse durch \ndas System ist notwendig, um eine Auslieferung der Website an den \nRechner des Nutzers zu erm\u00f6glichen. Hierf\u00fcr muss die IP-Adresse des \nNutzers f\u00fcr die Dauer der Sitzung gespeichert bleiben.<\/p>\n\n\n\n<p align=\"justify\">Die Speicherung in Logfiles erfolgt, um die \nFunktionsf\u00e4higkeit der Website sicherzustellen. Zudem dienen uns die \nDaten zur Optimierung der Website und zur Sicherstellung der Sicherheit \nunserer informationstechnischen Systeme. Eine Auswertung der Daten zu \nMarketingzwecken findet in diesem Zusammenhang nicht statt. In diesen \nZwecken liegt auch unser berechtigtes Interesse an der Datenverarbeitung\n nach Art. 6 Abs. 1 lit. f DSGVO.<\/p>\n\n\n\n<h3 class=\"wp-block-heading\">Dauer der Speicherung<\/h3>\n\n\n\n<p align=\"justify\">Die Daten werden gel\u00f6scht, sobald sie f\u00fcr die \nErreichung des Zweckes ihrer Erhebung nicht mehr erforderlich sind. Im \nFalle der Erfassung der Daten zur Bereitstellung der Website ist dies \nder Fall, wenn die jeweilige Sitzung beendet ist.<\/p>\n\n\n\n<p align=\"justify\">Im Falle der Speicherung der Daten in Logfiles ist \ndies nach sp\u00e4testens sieben Tagen der Fall. Eine dar\u00fcberhinausgehende \nSpeicherung ist m\u00f6glich. In diesem Fall werden die IP-Adressen der \nNutzer gel\u00f6scht oder verfremdet,<br>\nsodass eine Zuordnung des aufrufenden Clients nicht mehr m\u00f6glich ist.<\/p>\n\n\n\n<h3 class=\"wp-block-heading\">Widerspruchs- und Beseitigungsm\u00f6glichkeit<\/h3>\n\n\n\n<p align=\"justify\">Die Erfassung der Daten zur Bereitstellung der \nWebsite und die Speicherung der Daten in Logfiles ist f\u00fcr den Betrieb \nder Internetseite zwingend erforderlich. Es besteht folglich seitens des\n Nutzers keine<br>\nWiderspruchsm\u00f6glichkeit.<\/p>\n\n\n\n<h2 class=\"wp-block-heading\">Verwendung von Cookies<\/h2>\n\n\n\n<h3 class=\"wp-block-heading\">Beschreibung und Umfang der Datenverarbeitung<\/h3>\n\n\n\n<p align=\"justify\">Unsere Webseite verwendet Cookies. Bei Cookies \nhandelt es sich um Dateien, die im Internetbrowser bzw. vom \nInternetbrowser auf dem aufrufenden System gespeichert werden. Wir \nsetzen Cookies ein, um unsere Website nutzerfreundlicher zu gestalten. \nEinige Elemente unserer Internetseite erfordern es, dass der aufrufende \nBrowser auch nach einem Seitenwechsel identifiziert werden kann.<\/p>\n\n\n\n<h3 class=\"wp-block-heading\">Rechtsgrundlage f\u00fcr die Datenverarbeitung<\/h3>\n\n\n\n<p>Die Rechtsgrundlage f\u00fcr die Verwendung von Cookies ist Art. 6 Abs. 1 lit. e DSGVO.<\/p>\n\n\n\n<h3 class=\"wp-block-heading\">Zweck der Datenverarbeitung<\/h3>\n\n\n\n<p align=\"justify\">Der Zweck der Verwendung technisch notwendiger \nCookies ist, die Nutzung von Websites f\u00fcr die Nutzer zu vereinfachen. \nEinige Funktionen unserer Internetseite k\u00f6nnen ohne den Einsatz von \nCookies nicht angeboten werden. F\u00fcr diese ist es erforderlich, dass der \nBrowser auch nach einem Seitenwechsel wiedererkannt wird. Die durch \ntechnisch notwendige Cookies erhobenen Nutzerdaten werden nicht zur \nErstellung von Nutzerprofilen verwendet.<\/p>\n\n\n\n<h3 class=\"wp-block-heading\">Dauer der Speicherung, Widerspruchs- und Beseitigungsm\u00f6glichkeit<\/h3>\n\n\n\n<p align=\"justify\">Cookies werden auf dem Rechner des Nutzers \ngespeichert und von diesem an unserer Seite \u00fcbermittelt. Daher haben Sie\n als Nutzer auch die volle Kontrolle \u00fcber die Verwendung von Cookies. \nDurch eine \u00c4nderung der Einstellungen in Ihrem Internetbrowser k\u00f6nnen \nSie die \u00dcbertragung von Cookies deaktivieren oder einschr\u00e4nken. Bereits \ngespeicherte Cookies k\u00f6nnen jederzeit gel\u00f6scht werden. Dies kann auch \nautomatisiert erfolgen. Werden Cookies f\u00fcr unsere Website deaktiviert, \nk\u00f6nnen m\u00f6glicherweise nicht mehr alle Funktionen der Website \nvollumf\u00e4nglich genutzt werden. In diesen Zwecken liegt auch unser \nberechtigtes Interesse in der Verarbeitung der personenbezogenen Daten \nnach Art. 6 Abs. 1 lit. f DSGVO.<\/p>\n\n\n\n<h2 class=\"wp-block-heading\">Einsatz von Youtube<\/h2>\n\n\n\n<p align=\"justify\">Wir bieten Nutzern auf unserer Webseite die \nM\u00f6glichkeit, ausgew\u00e4hlte Videos von YouTube direkt auf der Seite \nanzuschauen. Zum Schutz der Nutzerdaten wird erst durch Anklicken eines \nLinks eine Verbindung zu YouTube hergestellt und das Video gestartet. \nErst dann werden Daten an den Anbieter gesendet. Sofern Sie den Link \nnicht anklicken, findet keinerlei Austausch zwischen dem Nutzer und \nYouTube statt. Informationen \u00fcber die Erhebung und Verwendung Ihrer \nDaten bei YouTube finden hier: <a href=\"https:\/\/policies.google.com\/privacy?hl=de&amp;gl=de\">https:\/\/policies.google.com\/privacy?hl=de&amp;gl=de<\/a><\/p>\n\n\n\n<h2 class=\"wp-block-heading\">E-Mail-Kontakt<\/h2>\n\n\n\n<h3 class=\"wp-block-heading\">Beschreibung und Umfang der Datenverarbeitung<\/h3>\n\n\n\n<p align=\"justify\">Bei der Kontaktaufnahme mit uns per E-Mail werden die\n von Ihnen mitgeteilten Daten (E-Mail-Adresse, sowie weitere von Ihnen \ngemachte Angaben) von uns verarbeitet und gespeichert.<\/p>\n\n\n\n<h3 class=\"wp-block-heading\">Rechtsgrundlage f\u00fcr die Datenverarbeitung<\/h3>\n\n\n\n<p>Rechtsgrundlage f\u00fcr die Verarbeitung der Daten ist Art. 6 Abs. 1 lit. e DSGVO.<\/p>\n\n\n\n<h3 class=\"wp-block-heading\">Zweck der Datenverarbeitung<\/h3>\n\n\n\n<p align=\"justify\">Die Speicherung der vom Nutzer zugesandten Daten, \ninsbesondere dessen E-Mail-Adresse, wird f\u00fcr die Zustellung einer \nEingangsbest\u00e4tigung, die Beantwortung etwaiger Anfragen sowie der \nSicherung der Qualit\u00e4t der Kommunikation ben\u00f6tigt.<\/p>\n\n\n\n<h3 class=\"wp-block-heading\">Dauer der Speicherung, Widerspruchs- und Beseitigungsm\u00f6glichkeit<\/h3>\n\n\n\n<p align=\"justify\">Akten dieser Art werden an der Ruhr-Universit\u00e4t \nBochum f\u00fcnf Jahre aufbewahrt (Aufbewahrungsfrist gem\u00e4\u00df Richtlinie der \nRuhr-Universit\u00e4t Bochum).<\/p>\n\n\n\n<h2 class=\"wp-block-heading\">Ihre Rechte als betroffene Person<\/h2>\n\n\n\n<p align=\"justify\">Werden personenbezogene Daten von Ihnen verarbeitet, \nsind Sie Betroffener i.S.d. DSGVO und es stehen Ihnen folgende Rechte \ngegen\u00fcber den Verantwortlichen zu:<\/p>\n\n\n\n<p align=\"justify\">Sie k\u00f6nnen eine <strong>Best\u00e4tigung<\/strong> dar\u00fcber \nverlangen, ob personenbezogene Daten, die Sie betreffen, verarbeitet \nwerden. Falls eine solche Verarbeitung vorliegt, k\u00f6nnen Sie <strong>Auskunft<\/strong>\n \u00fcber den Zweck, die Daten, die Herkunft der Daten, den Empf\u00e4nger der \nDaten (inkl. internationaler Weitergaben) sowie die Dauer der \nSpeicherung erhalten.<\/p>\n\n\n\n<p align=\"justify\">Sie haben ein Recht auf <strong>Berichtigung<\/strong> der Daten, falls diese unrichtig oder unvollst\u00e4ndig sind. Unter verschiedenen Voraussetzungen haben Sie das Recht, die Daten <strong>l\u00f6schen<\/strong> zu lassen oder die Verarbeitung <strong>einzuschr\u00e4nken<\/strong>. Insbesondere Daten, die Sie freiwillig angegeben haben, m\u00fcssen gel\u00f6scht werden, wenn Sie ihre <strong>Einwilligung zur\u00fcckziehen<\/strong>.\n Falls Daten weitergegeben wurden, bezieht sich die L\u00f6schung auch auf \ndie Empf\u00e4nger der Daten und wir werden Ihnen die Empf\u00e4nger Ihrer Daten \nmitteilen.<\/p>\n\n\n\n<p align=\"justify\">F\u00fcr Fragen und Beschwerden k\u00f6nnen Sie sich in jedem Fall an die zust\u00e4ndige <strong>Aufsichtsbeh\u00f6rde wenden<\/strong> (Landesbeauftragte f\u00fcr den Datenschutz NRW, <a href=\"https:\/\/www.ldi.nrw.de\/\">https:\/\/www.ldi.nrw.de\/<\/a>).<\/p>\n\n\n\n<p align=\"justify\">Ebenso k\u00f6nnen Sie sich an den Datenschutzbeauftragten der RUB wenden. Weitere Informationen finden Sie hier:<br>\n<a href=\"https:\/\/dsb.ruhr-uni-bochum.de\/\" target=\"_blank\" rel=\"noreferrer noopener\">https:\/\/dsb.ruhr-uni-bochum.de\/<\/a><\/p>\n","protected":false},"excerpt":{"rendered":"<p>Datenschutz Im Folgenden informieren wir \u00fcber die Verarbeitung personenbezogener Daten bei Nutzung der Webseite www.digirab.blogs.ruhr-uni-bochum.de. Personenbezogene Daten sind alle Daten, die auf Sie pers\u00f6nlich bezogen werden k\u00f6nnen. Auf anderen Seiten der Ruhr-Universit\u00e4t Bochum k\u00f6nnen andere Bedingungen gelten. Name und Anschrift des Verantwortlichen Die Verantwortliche im Sinne der Datenschutz-Grundverordnung und dem Landesdatenschutzgesetz NRW ist: Ruhr-Universit\u00e4t Bochum\u2026 <span class=\"read-more\"><a href=\"https:\/\/digirab.blogs.ruhr-uni-bochum.de\/?page_id=210\">Read More &raquo;<\/a><\/span><\/p>\n","protected":false},"author":11,"featured_media":0,"parent":0,"menu_order":0,"comment_status":"closed","ping_status":"closed","template":"","meta":{"footnotes":""},"class_list":["post-210","page","type-page","status-publish","hentry"],"_links":{"self":[{"href":"https:\/\/digirab.blogs.ruhr-uni-bochum.de\/index.php?rest_route=\/wp\/v2\/pages\/210","targetHints":{"allow":["GET"]}}],"collection":[{"href":"https:\/\/digirab.blogs.ruhr-uni-bochum.de\/index.php?rest_route=\/wp\/v2\/pages"}],"about":[{"href":"https:\/\/digirab.blogs.ruhr-uni-bochum.de\/index.php?rest_route=\/wp\/v2\/types\/page"}],"author":[{"embeddable":true,"href":"https:\/\/digirab.blogs.ruhr-uni-bochum.de\/index.php?rest_route=\/wp\/v2\/users\/11"}],"replies":[{"embeddable":true,"href":"https:\/\/digirab.blogs.ruhr-uni-bochum.de\/index.php?rest_route=%2Fwp%2Fv2%2Fcomments&post=210"}],"version-history":[{"count":3,"href":"https:\/\/digirab.blogs.ruhr-uni-bochum.de\/index.php?rest_route=\/wp\/v2\/pages\/210\/revisions"}],"predecessor-version":[{"id":214,"href":"https:\/\/digirab.blogs.ruhr-uni-bochum.de\/index.php?rest_route=\/wp\/v2\/pages\/210\/revisions\/214"}],"wp:attachment":[{"href":"https:\/\/digirab.blogs.ruhr-uni-bochum.de\/index.php?rest_route=%2Fwp%2Fv2%2Fmedia&parent=210"}],"curies":[{"name":"wp","href":"https:\/\/api.w.org\/{rel}","templated":true}]}}